{"id":27133,"date":"2023-04-24T01:16:18","date_gmt":"2023-04-23T17:16:18","guid":{"rendered":"http:\/\/audiocenter.cc\/noticias-y-eventos\/"},"modified":"2025-01-21T10:25:42","modified_gmt":"2025-01-21T02:25:42","slug":"noticias-y-eventos","status":"publish","type":"page","link":"https:\/\/audiocenter.com\/es\/noticias-y-eventos\/","title":{"rendered":"Noticias y eventos"},"content":{"rendered":"\t\t<div data-elementor-type=\"wp-page\" data-elementor-id=\"27133\" class=\"elementor elementor-27133 elementor-11730\" data-elementor-post-type=\"page\">\n\t\t\t\t\t\t<section class=\"elementor-section elementor-top-section elementor-element elementor-element-7905712 elementor-section-height-min-height elementor-section-boxed elementor-section-height-default elementor-section-items-middle\" data-id=\"7905712\" data-element_type=\"section\" data-settings=\"{&quot;background_background&quot;:&quot;classic&quot;}\">\n\t\t\t\t\t\t\t<div class=\"elementor-background-overlay\"><\/div>\n\t\t\t\t\t\t\t<div class=\"elementor-container elementor-column-gap-default\">\n\t\t\t\t\t<div class=\"elementor-column elementor-col-100 elementor-top-column elementor-element elementor-element-36ffbfe\" data-id=\"36ffbfe\" data-element_type=\"column\">\n\t\t\t<div class=\"elementor-widget-wrap elementor-element-populated\">\n\t\t\t\t\t\t<div class=\"elementor-element elementor-element-21df1ed elementor-widget elementor-widget-heading\" data-id=\"21df1ed\" data-element_type=\"widget\" data-widget_type=\"heading.default\">\n\t\t\t\t<div class=\"elementor-widget-container\">\n\t\t\t<h1 class=\"elementor-heading-title elementor-size-default\">Noticias y eventos<\/h1>\t\t<\/div>\n\t\t\t\t<\/div>\n\t\t\t\t<div class=\"elementor-element elementor-element-d99f059 elementor-widget elementor-widget-spacer\" data-id=\"d99f059\" data-element_type=\"widget\" data-widget_type=\"spacer.default\">\n\t\t\t\t<div class=\"elementor-widget-container\">\n\t\t\t\t\t<div class=\"elementor-spacer\">\n\t\t\t<div class=\"elementor-spacer-inner\"><\/div>\n\t\t<\/div>\n\t\t\t\t<\/div>\n\t\t\t\t<\/div>\n\t\t\t\t<div class=\"elementor-element elementor-element-8f194ae elementor-widget elementor-widget-heading\" data-id=\"8f194ae\" data-element_type=\"widget\" data-widget_type=\"heading.default\">\n\t\t\t\t<div class=\"elementor-widget-container\">\n\t\t\t<h3 class=\"elementor-heading-title elementor-size-default\">Comunicados de prensa de audio<\/h3>\t\t<\/div>\n\t\t\t\t<\/div>\n\t\t\t\t\t<\/div>\n\t\t<\/div>\n\t\t\t\t\t<\/div>\n\t\t<\/section>\n\t\t\t\t<section class=\"elementor-section elementor-top-section elementor-element elementor-element-8c2d5b7 elementor-section-boxed elementor-section-height-default elementor-section-height-default\" data-id=\"8c2d5b7\" data-element_type=\"section\">\n\t\t\t\t\t\t<div class=\"elementor-container elementor-column-gap-default\">\n\t\t\t\t\t<div class=\"elementor-column elementor-col-100 elementor-top-column elementor-element elementor-element-4e333b3\" data-id=\"4e333b3\" data-element_type=\"column\">\n\t\t\t<div class=\"elementor-widget-wrap elementor-element-populated\">\n\t\t\t\t\t\t<div class=\"elementor-element elementor-element-ac28cd4 elementor-widget elementor-widget-text-editor\" data-id=\"ac28cd4\" data-element_type=\"widget\" data-widget_type=\"text-editor.default\">\n\t\t\t\t<div class=\"elementor-widget-container\">\n\t\t\t\t\t\t\t<p>Con m\u00e1s de 20 a\u00f1os de desarrollo, Audiocenter ofrece soluciones de audio completas que incluyen sistemas line array, altavoces de columna, amplificadores de potencia de clase D, procesador, matriz de audio y muchos m\u00e1s, con una gran fiabilidad, un buen rendimiento sonoro y una excelente relaci\u00f3n calidad-precio. No importa si se trata de actuaciones profesionales en directo, integraci\u00f3n de sistemas audiovisuales o venta al por menor y al por mayor, tenemos las soluciones de productos adecuadas para usted.<\/p>\n\t\t\t\t\t\t<\/div>\n\t\t\t\t<\/div>\n\t\t\t\t\t<\/div>\n\t\t<\/div>\n\t\t\t\t\t<\/div>\n\t\t<\/section>\n\t\t\t\t<section class=\"elementor-section elementor-top-section elementor-element elementor-element-08c68b4 elementor-section-boxed elementor-section-height-default elementor-section-height-default\" data-id=\"08c68b4\" data-element_type=\"section\">\n\t\t\t\t\t\t<div class=\"elementor-container elementor-column-gap-default\">\n\t\t\t\t\t<div class=\"elementor-column elementor-col-100 elementor-top-column elementor-element elementor-element-a80967d\" data-id=\"a80967d\" data-element_type=\"column\">\n\t\t\t<div class=\"elementor-widget-wrap elementor-element-populated\">\n\t\t\t\t\t\t<div class=\"elementor-element elementor-element-ee7cc80 icon-box-vertical-align-center img-align-left image-vertical-align-start slide-h-position-left elementor-widget elementor-widget-the7-elements-simple-posts\" data-id=\"ee7cc80\" data-element_type=\"widget\" data-widget_type=\"the7-elements-simple-posts.default\">\n\t\t\t\t<div class=\"elementor-widget-container\">\n\t\t\t<div class=\"the7-simple-widget-posts the7-elementor-widget the7-elements-simple-posts-ee7cc80 title-to-line\" data-post-limit=\"-1\" data-pagination-mode=\"standard\" data-scroll-offset=\"\">\t\t\t<div class=\"dt-css-grid custom-pagination-handler\" data-columns=\"{&quot;d&quot;:1,&quot;t&quot;:1,&quot;p&quot;:1,&quot;wd&quot;:&quot;&quot;}\">\n\t\t\t\t\t\t\t\t\t<div class=\"wf-cell visible \">\n\t\t\t\t\t\t<article class=\"post visible wrapper post-41990 type-post status-publish format-standard has-post-thumbnail hentry category-noticias category-noticias-de-empresa category-sin-categorizar category-929 category-357 category-242 description-off\">\n\n\t\t\t\t\t\t\t<div class=\"post-content-wrapper\">\n\t\t\t\t\t\t\t\t\t\t\t\t\t\t\t\t\t<div class=\"the7-simple-post-thumb\">\n\t\t\t\t\t\t\t\t\t\t<a class=\"post-thumbnail-rollover layzr-bg img-css-resize-wrapper\" aria-label=\"Post image\" href=\"https:\/\/audiocenter.com\/es\/lanzamiento-del-producto-kolintanlin-audiocenter-2024-un-acontecimiento-espectacular-en-la-tribuna-quirino\/\"><img fetchpriority=\"high\" decoding=\"async\" width=\"1600\" height=\"1067\" src=\"data:image\/svg+xml,%3Csvg%20xmlns%3D&#039;http%3A%2F%2Fwww.w3.org%2F2000%2Fsvg&#039;%20viewBox%3D&#039;0%200%201600%201067&#039;%2F%3E\" class=\"attachment-full size-full preload-me aspect lazy lazy-load\" alt=\"\" sizes=\"(max-width: 1600px) 100vw, 1600px\" style=\"--ratio: 1600 \/ 1067;\" data-src=\"https:\/\/audiocenter.com\/wp-content\/uploads\/2023\/09\/DSC00795.webp\" loading=\"eager\" data-srcset=\"https:\/\/audiocenter.com\/wp-content\/uploads\/2023\/09\/DSC00795.webp 1600w, https:\/\/audiocenter.com\/wp-content\/uploads\/2023\/09\/DSC00795-300x200.webp 300w, https:\/\/audiocenter.com\/wp-content\/uploads\/2023\/09\/DSC00795-1024x683.webp 1024w, https:\/\/audiocenter.com\/wp-content\/uploads\/2023\/09\/DSC00795-768x512.webp 768w, https:\/\/audiocenter.com\/wp-content\/uploads\/2023\/09\/DSC00795-1536x1024.webp 1536w, https:\/\/audiocenter.com\/wp-content\/uploads\/2023\/09\/DSC00795-1000x667.webp 1000w\" \/><span class=\"the7-hover-icon\"><\/span><\/a>\t\t\t\t\t\t\t\t\t<\/div>\n\t\t\t\t\t\t\t\t\t\t\t\t\t\t\t\t<div class=\"post-entry-content\">\n\t\t\t\t\t\t\t\t\t<h5 class=\"heading\"><a href=\"https:\/\/audiocenter.com\/es\/lanzamiento-del-producto-kolintanlin-audiocenter-2024-un-acontecimiento-espectacular-en-la-tribuna-quirino\/\" rel=\"bookmark\" title=\"Lanzamiento del producto KolinTanlin Audiocenter 2024: Un acontecimiento espectacular en la tribuna Quirino\" class=\"post-title\">Lanzamiento del producto KolinTanlin Audiocenter 2024: Un acontecimiento espectacular en la tribuna Quirino<\/a><\/h5><div class=\"entry-meta\"><span class=\"meta-item category-link\"><a href=\"https:\/\/audiocenter.com\/es\/category\/noticias\/\" rel=\"tag\">NOTICIAS<\/a>, <a href=\"https:\/\/audiocenter.com\/es\/category\/noticias-de-empresa\/\" rel=\"tag\">Noticias de empresa<\/a>, <a href=\"https:\/\/audiocenter.com\/es\/category\/sin-categorizar\/\" rel=\"tag\">Sin categorizar<\/a><\/span><span class=\"meta-item data-link\"><time class=\"entry-date updated\" datetime=\"2024-08-26T15:47:00+08:00\">2024-08-26<\/time><\/span><\/div><p class=\"short-description\">El Lanzamiento de Productos KolinTanlin 2024, celebrado en el hist\u00f3rico Quirino Grandstand de Manila (Filipinas), fue una gran celebraci\u00f3n de tecnolog\u00eda punta, actuaciones cautivadoras e impresionante ingenier\u00eda de audio. El acto, que dur\u00f3 tres d\u00edas, del 8 al 10 de agosto, atrajo a grandes multitudes deseosas de presenciar la presentaci\u00f3n&hellip;<\/p><a href=\"https:\/\/audiocenter.com\/es\/lanzamiento-del-producto-kolintanlin-audiocenter-2024-un-acontecimiento-espectacular-en-la-tribuna-quirino\/\" target=\"\" aria-label=\"Read more about Lanzamiento del producto KolinTanlin Audiocenter 2024: Un acontecimiento espectacular en la tribuna Quirino\" class=\"box-button elementor-button elementor-size-xs\">Art\u00edculo completo<i aria-hidden=\"true\" class=\"elementor-button-icon dt-icon-the7-arrow-552\"><\/i><\/a>\t\t\t\t\t\t\t\t<\/div>\n\t\t\t\t\t\t\t<\/div>\n\t\t\t\t\t\t<\/article>\n\t\t\t\t\t<\/div>\t\t\t\t\t\t\t\t\t\t<div class=\"wf-cell visible \">\n\t\t\t\t\t\t<article class=\"post visible wrapper post-41996 type-post status-publish format-standard has-post-thumbnail hentry category-noticias category-noticias-de-empresa category-sin-categorizar category-929 category-357 category-242 description-off\">\n\n\t\t\t\t\t\t\t<div class=\"post-content-wrapper\">\n\t\t\t\t\t\t\t\t\t\t\t\t\t\t\t\t\t<div class=\"the7-simple-post-thumb\">\n\t\t\t\t\t\t\t\t\t\t<a class=\"post-thumbnail-rollover layzr-bg img-css-resize-wrapper\" aria-label=\"Post image\" href=\"https:\/\/audiocenter.com\/es\/audiocenter-international-se-asocia-con-ck-audio-para-la-distribucion-exclusiva-en-vietnam\/\"><img decoding=\"async\" width=\"1600\" height=\"1000\" src=\"data:image\/svg+xml,%3Csvg%20xmlns%3D&#039;http%3A%2F%2Fwww.w3.org%2F2000%2Fsvg&#039;%20viewBox%3D&#039;0%200%201600%201000&#039;%2F%3E\" class=\"attachment-full size-full preload-me aspect lazy lazy-load\" alt=\"\" sizes=\"(max-width: 1600px) 100vw, 1600px\" style=\"--ratio: 1600 \/ 1000;\" data-src=\"https:\/\/audiocenter.com\/wp-content\/uploads\/2024\/08\/audiocenter-1.webp\" loading=\"eager\" data-srcset=\"https:\/\/audiocenter.com\/wp-content\/uploads\/2024\/08\/audiocenter-1.webp 1600w, https:\/\/audiocenter.com\/wp-content\/uploads\/2024\/08\/audiocenter-1-300x188.webp 300w, https:\/\/audiocenter.com\/wp-content\/uploads\/2024\/08\/audiocenter-1-1024x640.webp 1024w, https:\/\/audiocenter.com\/wp-content\/uploads\/2024\/08\/audiocenter-1-768x480.webp 768w, https:\/\/audiocenter.com\/wp-content\/uploads\/2024\/08\/audiocenter-1-1536x960.webp 1536w, https:\/\/audiocenter.com\/wp-content\/uploads\/2024\/08\/audiocenter-1-1000x625.webp 1000w\" \/><span class=\"the7-hover-icon\"><\/span><\/a>\t\t\t\t\t\t\t\t\t<\/div>\n\t\t\t\t\t\t\t\t\t\t\t\t\t\t\t\t<div class=\"post-entry-content\">\n\t\t\t\t\t\t\t\t\t<h5 class=\"heading\"><a href=\"https:\/\/audiocenter.com\/es\/audiocenter-international-se-asocia-con-ck-audio-para-la-distribucion-exclusiva-en-vietnam\/\" rel=\"bookmark\" title=\"Audiocenter International se asocia con CK Audio para la distribuci\u00f3n exclusiva en Vietnam\" class=\"post-title\">Audiocenter International se asocia con CK Audio para la distribuci\u00f3n exclusiva en Vietnam<\/a><\/h5><div class=\"entry-meta\"><span class=\"meta-item category-link\"><a href=\"https:\/\/audiocenter.com\/es\/category\/noticias\/\" rel=\"tag\">NOTICIAS<\/a>, <a href=\"https:\/\/audiocenter.com\/es\/category\/noticias-de-empresa\/\" rel=\"tag\">Noticias de empresa<\/a>, <a href=\"https:\/\/audiocenter.com\/es\/category\/sin-categorizar\/\" rel=\"tag\">Sin categorizar<\/a><\/span><span class=\"meta-item data-link\"><time class=\"entry-date updated\" datetime=\"2024-08-22T10:44:35+08:00\">2024-08-22<\/time><\/span><\/div><p class=\"short-description\">El 17 de agosto, Audiocenter International, proveedor l\u00edder de equipos de audio de alta calidad, anunci\u00f3 una colaboraci\u00f3n estrat\u00e9gica con CK Audio, una destacada empresa de audio vietnamita. Las dos empresas firmaron oficialmente un acuerdo de agencia en la sede de Audiocenter, que marca el inicio de una colaboraci\u00f3n exclusiva&hellip;<\/p><a href=\"https:\/\/audiocenter.com\/es\/audiocenter-international-se-asocia-con-ck-audio-para-la-distribucion-exclusiva-en-vietnam\/\" target=\"\" aria-label=\"Read more about Audiocenter International se asocia con CK Audio para la distribuci\u00f3n exclusiva en Vietnam\" class=\"box-button elementor-button elementor-size-xs\">Art\u00edculo completo<i aria-hidden=\"true\" class=\"elementor-button-icon dt-icon-the7-arrow-552\"><\/i><\/a>\t\t\t\t\t\t\t\t<\/div>\n\t\t\t\t\t\t\t<\/div>\n\t\t\t\t\t\t<\/article>\n\t\t\t\t\t<\/div>\t\t\t\t\t\t\t\t\t\t<div class=\"wf-cell visible \">\n\t\t\t\t\t\t<article class=\"post visible wrapper post-40321 type-post status-publish format-standard has-post-thumbnail hentry category-noticias-de-empresa category-sin-categorizar category-357 category-242 description-off\">\n\n\t\t\t\t\t\t\t<div class=\"post-content-wrapper\">\n\t\t\t\t\t\t\t\t\t\t\t\t\t\t\t\t\t<div class=\"the7-simple-post-thumb\">\n\t\t\t\t\t\t\t\t\t\t<a class=\"post-thumbnail-rollover layzr-bg img-css-resize-wrapper\" aria-label=\"Post image\" href=\"https:\/\/audiocenter.com\/es\/el-distribuidor-exclusivo-de-audiocenter-en-malasia-csh-marketing-sdn-bhd-presenta-soluciones-de-audio-de-vanguardia-en-la-ciudad-de-kuantan\/\"><img decoding=\"async\" width=\"1000\" height=\"750\" src=\"data:image\/svg+xml,%3Csvg%20xmlns%3D&#039;http%3A%2F%2Fwww.w3.org%2F2000%2Fsvg&#039;%20viewBox%3D&#039;0%200%201000%20750&#039;%2F%3E\" class=\"attachment-full size-full preload-me aspect lazy lazy-load\" alt=\"\" sizes=\"(max-width: 1000px) 100vw, 1000px\" style=\"--ratio: 1000 \/ 750;\" data-src=\"https:\/\/audiocenter.com\/wp-content\/uploads\/2024\/06\/09.jpg\" loading=\"eager\" data-srcset=\"https:\/\/audiocenter.com\/wp-content\/uploads\/2024\/06\/09.jpg 1000w, https:\/\/audiocenter.com\/wp-content\/uploads\/2024\/06\/09-300x225.jpg 300w, https:\/\/audiocenter.com\/wp-content\/uploads\/2024\/06\/09-768x576.jpg 768w\" \/><span class=\"the7-hover-icon\"><\/span><\/a>\t\t\t\t\t\t\t\t\t<\/div>\n\t\t\t\t\t\t\t\t\t\t\t\t\t\t\t\t<div class=\"post-entry-content\">\n\t\t\t\t\t\t\t\t\t<h5 class=\"heading\"><a href=\"https:\/\/audiocenter.com\/es\/el-distribuidor-exclusivo-de-audiocenter-en-malasia-csh-marketing-sdn-bhd-presenta-soluciones-de-audio-de-vanguardia-en-la-ciudad-de-kuantan\/\" rel=\"bookmark\" title=\"El distribuidor exclusivo de Audiocenter en Malasia, CSH Marketing SDN BHD, presenta soluciones de audio de vanguardia en la ciudad de Kuantan\" class=\"post-title\">El distribuidor exclusivo de Audiocenter en Malasia, CSH Marketing SDN BHD, presenta soluciones de audio de vanguardia en la ciudad de Kuantan<\/a><\/h5><div class=\"entry-meta\"><span class=\"meta-item category-link\"><a href=\"https:\/\/audiocenter.com\/es\/category\/noticias-de-empresa\/\" rel=\"tag\">Noticias de empresa<\/a>, <a href=\"https:\/\/audiocenter.com\/es\/category\/sin-categorizar\/\" rel=\"tag\">Sin categorizar<\/a><\/span><span class=\"meta-item data-link\"><time class=\"entry-date updated\" datetime=\"2024-06-11T13:47:52+08:00\">2024-06-11<\/time><\/span><\/div><p class=\"short-description\">La ciudad de Kuantan, en la costa este de Malasia, acogi\u00f3 recientemente una impresionante demostraci\u00f3n de audio al aire libre a cargo de CSH Marketing SDN BHD, distribuidor exclusivo de Audiocenter en Malasia. Este evento brind\u00f3 a los asistentes la oportunidad de experimentar de primera mano el sonido de alta&hellip;<\/p><a href=\"https:\/\/audiocenter.com\/es\/el-distribuidor-exclusivo-de-audiocenter-en-malasia-csh-marketing-sdn-bhd-presenta-soluciones-de-audio-de-vanguardia-en-la-ciudad-de-kuantan\/\" target=\"\" aria-label=\"Read more about El distribuidor exclusivo de Audiocenter en Malasia, CSH Marketing SDN BHD, presenta soluciones de audio de vanguardia en la ciudad de Kuantan\" class=\"box-button elementor-button elementor-size-xs\">Art\u00edculo completo<i aria-hidden=\"true\" class=\"elementor-button-icon dt-icon-the7-arrow-552\"><\/i><\/a>\t\t\t\t\t\t\t\t<\/div>\n\t\t\t\t\t\t\t<\/div>\n\t\t\t\t\t\t<\/article>\n\t\t\t\t\t<\/div>\t\t\t\t\t\t\t\t\t\t<div class=\"wf-cell visible \">\n\t\t\t\t\t\t<article class=\"post visible wrapper post-32817 type-post status-publish format-standard has-post-thumbnail hentry category-noticias-de-empresa category-sonido-instalado category-357 category-445 description-off\">\n\n\t\t\t\t\t\t\t<div class=\"post-content-wrapper\">\n\t\t\t\t\t\t\t\t\t\t\t\t\t\t\t\t\t<div class=\"the7-simple-post-thumb\">\n\t\t\t\t\t\t\t\t\t\t<a class=\"post-thumbnail-rollover layzr-bg img-css-resize-wrapper\" aria-label=\"Post image\" href=\"https:\/\/audiocenter.com\/es\/la-atraccion-turistica-nacional-4a-opta-por-la-solucion-del-sistema-audiocenter-artist\/\"><img decoding=\"async\" width=\"1800\" height=\"968\" src=\"data:image\/svg+xml,%3Csvg%20xmlns%3D&#039;http%3A%2F%2Fwww.w3.org%2F2000%2Fsvg&#039;%20viewBox%3D&#039;0%200%201800%20968&#039;%2F%3E\" class=\"attachment-full size-full preload-me aspect lazy lazy-load\" alt=\"\" sizes=\"(max-width: 1800px) 100vw, 1800px\" style=\"--ratio: 1800 \/ 968;\" data-src=\"https:\/\/audiocenter.com\/wp-content\/uploads\/2023\/11\/yaxi.jpg\" loading=\"eager\" data-srcset=\"https:\/\/audiocenter.com\/wp-content\/uploads\/2023\/11\/yaxi.jpg 1800w, https:\/\/audiocenter.com\/wp-content\/uploads\/2023\/11\/yaxi-300x161.jpg 300w, https:\/\/audiocenter.com\/wp-content\/uploads\/2023\/11\/yaxi-1024x551.jpg 1024w, https:\/\/audiocenter.com\/wp-content\/uploads\/2023\/11\/yaxi-768x413.jpg 768w, https:\/\/audiocenter.com\/wp-content\/uploads\/2023\/11\/yaxi-1536x826.jpg 1536w, https:\/\/audiocenter.com\/wp-content\/uploads\/2023\/11\/yaxi-1000x538.jpg 1000w\" \/><span class=\"the7-hover-icon\"><\/span><\/a>\t\t\t\t\t\t\t\t\t<\/div>\n\t\t\t\t\t\t\t\t\t\t\t\t\t\t\t\t<div class=\"post-entry-content\">\n\t\t\t\t\t\t\t\t\t<h5 class=\"heading\"><a href=\"https:\/\/audiocenter.com\/es\/la-atraccion-turistica-nacional-4a-opta-por-la-solucion-del-sistema-audiocenter-artist\/\" rel=\"bookmark\" title=\"La atracci\u00f3n tur\u00edstica nacional 4A opta por la soluci\u00f3n del sistema Audiocenter Artist\" class=\"post-title\">La atracci\u00f3n tur\u00edstica nacional 4A opta por la soluci\u00f3n del sistema Audiocenter Artist<\/a><\/h5><div class=\"entry-meta\"><span class=\"meta-item category-link\"><a href=\"https:\/\/audiocenter.com\/es\/category\/noticias-de-empresa\/\" rel=\"tag\">Noticias de empresa<\/a>, <a href=\"https:\/\/audiocenter.com\/es\/category\/estudio-de-caso\/sonido-instalado\/\" rel=\"tag\">Sonido instalado<\/a><\/span><span class=\"meta-item data-link\"><time class=\"entry-date updated\" datetime=\"2023-11-18T06:46:10+08:00\">2023-11-18<\/time><\/span><\/div><p class=\"short-description\">Referencias de proyectos de soluciones de sistemas de audio comercial de gama alta para artistas. Proyecto de la antigua aldea de Yaxi en el condado de Quannan,Jiangxi Aldea milenaria de Yaxi, atracci\u00f3n tur\u00edstica nacional 4A, 22 kil\u00f3metros en total.Todo el recinto utiliza soluciones de sistemas de audio comerciales Artist con&hellip;<\/p><a href=\"https:\/\/audiocenter.com\/es\/la-atraccion-turistica-nacional-4a-opta-por-la-solucion-del-sistema-audiocenter-artist\/\" target=\"\" aria-label=\"Read more about La atracci\u00f3n tur\u00edstica nacional 4A opta por la soluci\u00f3n del sistema Audiocenter Artist\" class=\"box-button elementor-button elementor-size-xs\">Art\u00edculo completo<i aria-hidden=\"true\" class=\"elementor-button-icon dt-icon-the7-arrow-552\"><\/i><\/a>\t\t\t\t\t\t\t\t<\/div>\n\t\t\t\t\t\t\t<\/div>\n\t\t\t\t\t\t<\/article>\n\t\t\t\t\t<\/div>\t\t\t\t\t\t\t\t\t\t<div class=\"wf-cell visible \">\n\t\t\t\t\t\t<article class=\"post visible wrapper post-31266 type-post status-publish format-standard has-post-thumbnail hentry category-noticias-de-empresa category-357 description-off\">\n\n\t\t\t\t\t\t\t<div class=\"post-content-wrapper\">\n\t\t\t\t\t\t\t\t\t\t\t\t\t\t\t\t\t<div class=\"the7-simple-post-thumb\">\n\t\t\t\t\t\t\t\t\t\t<a class=\"post-thumbnail-rollover layzr-bg img-css-resize-wrapper\" aria-label=\"Post image\" href=\"https:\/\/audiocenter.com\/es\/avanda-de-audiocenter-se-lanza-en-filipinas\/\"><img fetchpriority=\"high\" decoding=\"async\" width=\"1600\" height=\"1067\" src=\"data:image\/svg+xml,%3Csvg%20xmlns%3D&#039;http%3A%2F%2Fwww.w3.org%2F2000%2Fsvg&#039;%20viewBox%3D&#039;0%200%201600%201067&#039;%2F%3E\" class=\"attachment-full size-full preload-me aspect lazy lazy-load\" alt=\"\" sizes=\"(max-width: 1600px) 100vw, 1600px\" style=\"--ratio: 1600 \/ 1067;\" data-src=\"https:\/\/audiocenter.com\/wp-content\/uploads\/2023\/09\/DSC00795.webp\" loading=\"eager\" data-srcset=\"https:\/\/audiocenter.com\/wp-content\/uploads\/2023\/09\/DSC00795.webp 1600w, https:\/\/audiocenter.com\/wp-content\/uploads\/2023\/09\/DSC00795-300x200.webp 300w, https:\/\/audiocenter.com\/wp-content\/uploads\/2023\/09\/DSC00795-1024x683.webp 1024w, https:\/\/audiocenter.com\/wp-content\/uploads\/2023\/09\/DSC00795-768x512.webp 768w, https:\/\/audiocenter.com\/wp-content\/uploads\/2023\/09\/DSC00795-1536x1024.webp 1536w, https:\/\/audiocenter.com\/wp-content\/uploads\/2023\/09\/DSC00795-1000x667.webp 1000w\" \/><span class=\"the7-hover-icon\"><\/span><\/a>\t\t\t\t\t\t\t\t\t<\/div>\n\t\t\t\t\t\t\t\t\t\t\t\t\t\t\t\t<div class=\"post-entry-content\">\n\t\t\t\t\t\t\t\t\t<h5 class=\"heading\"><a href=\"https:\/\/audiocenter.com\/es\/avanda-de-audiocenter-se-lanza-en-filipinas\/\" rel=\"bookmark\" title=\"Avanda, de Audiocenter, se lanza en Filipinas\" class=\"post-title\">Avanda, de Audiocenter, se lanza en Filipinas<\/a><\/h5><div class=\"entry-meta\"><span class=\"meta-item category-link\"><a href=\"https:\/\/audiocenter.com\/es\/category\/noticias-de-empresa\/\" rel=\"tag\">Noticias de empresa<\/a><\/span><span class=\"meta-item data-link\"><time class=\"entry-date updated\" datetime=\"2023-09-22T09:50:13+08:00\">2023-09-22<\/time><\/span><\/div><p class=\"short-description\">FILIPINAS: Entre el din\u00e1mico paisaje urbano de Metro Manila, se celebr\u00f3 recientemente un acto de presentaci\u00f3n de Avanda de Audiocenter en el Quirino Grandstand. La Tribuna cont\u00f3 con una oferta tecnol\u00f3gica y auditiva dirigida a un p\u00fablico diverso de entusiastas de la tecnolog\u00eda, l\u00edderes del sector y luminarias de los&hellip;<\/p><a href=\"https:\/\/audiocenter.com\/es\/avanda-de-audiocenter-se-lanza-en-filipinas\/\" target=\"\" aria-label=\"Read more about Avanda, de Audiocenter, se lanza en Filipinas\" class=\"box-button elementor-button elementor-size-xs\">Art\u00edculo completo<i aria-hidden=\"true\" class=\"elementor-button-icon dt-icon-the7-arrow-552\"><\/i><\/a>\t\t\t\t\t\t\t\t<\/div>\n\t\t\t\t\t\t\t<\/div>\n\t\t\t\t\t\t<\/article>\n\t\t\t\t\t<\/div>\t\t\t\t\t\t\t\t\t\t<div class=\"wf-cell visible \">\n\t\t\t\t\t\t<article class=\"post visible wrapper post-27089 type-post status-publish format-standard has-post-thumbnail hentry category-noticias-de-empresa category-sonido-en-directo category-357 category-358 description-off\">\n\n\t\t\t\t\t\t\t<div class=\"post-content-wrapper\">\n\t\t\t\t\t\t\t\t\t\t\t\t\t\t\t\t\t<div class=\"the7-simple-post-thumb\">\n\t\t\t\t\t\t\t\t\t\t<a class=\"post-thumbnail-rollover layzr-bg img-css-resize-wrapper\" aria-label=\"Post image\" href=\"https:\/\/audiocenter.com\/es\/audiocenter-al-dia-desde-indonesia\/\"><img decoding=\"async\" width=\"1440\" height=\"1080\" src=\"data:image\/svg+xml,%3Csvg%20xmlns%3D&#039;http%3A%2F%2Fwww.w3.org%2F2000%2Fsvg&#039;%20viewBox%3D&#039;0%200%201440%201080&#039;%2F%3E\" class=\"attachment-full size-full preload-me aspect lazy lazy-load\" alt=\"\" sizes=\"(max-width: 1440px) 100vw, 1440px\" style=\"--ratio: 1440 \/ 1080;\" data-src=\"https:\/\/audiocenter.com\/wp-content\/uploads\/2023\/08\/358360533_852448123162022_6766375396113576720_n.jpg\" loading=\"eager\" data-srcset=\"https:\/\/audiocenter.com\/wp-content\/uploads\/2023\/08\/358360533_852448123162022_6766375396113576720_n.jpg 1440w, https:\/\/audiocenter.com\/wp-content\/uploads\/2023\/08\/358360533_852448123162022_6766375396113576720_n-1000x750.jpg 1000w, https:\/\/audiocenter.com\/wp-content\/uploads\/2023\/08\/358360533_852448123162022_6766375396113576720_n-300x225.jpg 300w, https:\/\/audiocenter.com\/wp-content\/uploads\/2023\/08\/358360533_852448123162022_6766375396113576720_n-1024x768.jpg 1024w, https:\/\/audiocenter.com\/wp-content\/uploads\/2023\/08\/358360533_852448123162022_6766375396113576720_n-768x576.jpg 768w\" \/><span class=\"the7-hover-icon\"><\/span><\/a>\t\t\t\t\t\t\t\t\t<\/div>\n\t\t\t\t\t\t\t\t\t\t\t\t\t\t\t\t<div class=\"post-entry-content\">\n\t\t\t\t\t\t\t\t\t<h5 class=\"heading\"><a href=\"https:\/\/audiocenter.com\/es\/audiocenter-al-dia-desde-indonesia\/\" rel=\"bookmark\" title=\"AUDIOCENTER al d\u00eda desde Indonesia\" class=\"post-title\">AUDIOCENTER al d\u00eda desde Indonesia<\/a><\/h5><div class=\"entry-meta\"><span class=\"meta-item category-link\"><a href=\"https:\/\/audiocenter.com\/es\/category\/noticias-de-empresa\/\" rel=\"tag\">Noticias de empresa<\/a>, <a href=\"https:\/\/audiocenter.com\/es\/category\/estudio-de-caso\/sonido-en-directo\/\" rel=\"tag\">Sonido en directo<\/a><\/span><span class=\"meta-item data-link\"><time class=\"entry-date updated\" datetime=\"2023-08-11T08:38:00+08:00\">2023-08-11<\/time><\/span><\/div><p class=\"short-description\">Nuestro KLA12A haciendo las funciones de FOH para el evento en IndonesiaUbicaci\u00f3n: Pontianak, Kalimantan OccidentalJuntos somos m\u00e1s fuertes<\/p><a href=\"https:\/\/audiocenter.com\/es\/audiocenter-al-dia-desde-indonesia\/\" target=\"\" aria-label=\"Read more about AUDIOCENTER al d\u00eda desde Indonesia\" class=\"box-button elementor-button elementor-size-xs\">Art\u00edculo completo<i aria-hidden=\"true\" class=\"elementor-button-icon dt-icon-the7-arrow-552\"><\/i><\/a>\t\t\t\t\t\t\t\t<\/div>\n\t\t\t\t\t\t\t<\/div>\n\t\t\t\t\t\t<\/article>\n\t\t\t\t\t<\/div>\t\t\t\t\t\t\t\t<\/div>\n\t\t<div class=\"paginator filter-decorations filter-pointer-underline filter-animation-fade\" role=\"navigation\"><a href=\"https:\/\/audiocenter.com\/es\/wp-json\/wp\/v2\/pages\/27133\/\" class=\"page-numbers filter-item act\" data-page-num=\"1\">1<\/a><a href=\"https:\/\/audiocenter.com\/es\/wp-json\/wp\/v2\/pages\/27133\/page\/2\/\" class=\"page-numbers filter-item \" data-page-num=\"2\">2<\/a><a href=\"https:\/\/audiocenter.com\/es\/wp-json\/wp\/v2\/pages\/27133\/page\/3\/\" class=\"page-numbers filter-item \" data-page-num=\"3\">3<\/a><a href=\"https:\/\/audiocenter.com\/es\/wp-json\/wp\/v2\/pages\/27133\/page\/4\/\" class=\"page-numbers filter-item \" data-page-num=\"4\">4<\/a><a href=\"https:\/\/audiocenter.com\/es\/wp-json\/wp\/v2\/pages\/27133\/page\/5\/\" class=\"page-numbers filter-item \" data-page-num=\"5\">5<\/a><a href=\"https:\/\/audiocenter.com\/es\/wp-json\/wp\/v2\/pages\/27133\/page\/2\/\" class=\"page-numbers nav-next filter-item\" data-page-num=\"2\">\u2192<\/a><\/div><\/div>\t\t<\/div>\n\t\t\t\t<\/div>\n\t\t\t\t\t<\/div>\n\t\t<\/div>\n\t\t\t\t\t<\/div>\n\t\t<\/section>\n\t\t\t\t<\/div>\n\t\t","protected":false},"excerpt":{"rendered":"<p>Noticias y eventos Comunicados de prensa de audio Con m\u00e1s de 20 a\u00f1os de desarrollo, Audiocenter ofrece soluciones de audio completas que incluyen sistemas line array, altavoces de columna, amplificadores de potencia de clase D, procesador, matriz de audio y muchos m\u00e1s, con una gran fiabilidad, un buen rendimiento sonoro y una excelente relaci\u00f3n calidad-precio.&hellip;<\/p>\n","protected":false},"author":1,"featured_media":0,"parent":0,"menu_order":0,"comment_status":"closed","ping_status":"closed","template":"elementor_header_footer","meta":{"footnotes":""},"class_list":["post-27133","page","type-page","status-publish","hentry","category-357","category-358","description-off"],"_links":{"self":[{"href":"https:\/\/audiocenter.com\/es\/wp-json\/wp\/v2\/pages\/27133","targetHints":{"allow":["GET"]}}],"collection":[{"href":"https:\/\/audiocenter.com\/es\/wp-json\/wp\/v2\/pages"}],"about":[{"href":"https:\/\/audiocenter.com\/es\/wp-json\/wp\/v2\/types\/page"}],"author":[{"embeddable":true,"href":"https:\/\/audiocenter.com\/es\/wp-json\/wp\/v2\/users\/1"}],"replies":[{"embeddable":true,"href":"https:\/\/audiocenter.com\/es\/wp-json\/wp\/v2\/comments?post=27133"}],"version-history":[{"count":6,"href":"https:\/\/audiocenter.com\/es\/wp-json\/wp\/v2\/pages\/27133\/revisions"}],"predecessor-version":[{"id":42791,"href":"https:\/\/audiocenter.com\/es\/wp-json\/wp\/v2\/pages\/27133\/revisions\/42791"}],"wp:attachment":[{"href":"https:\/\/audiocenter.com\/es\/wp-json\/wp\/v2\/media?parent=27133"}],"curies":[{"name":"wp","href":"https:\/\/api.w.org\/{rel}","templated":true}]}}